{"id":372,"date":"2021-06-08T09:00:55","date_gmt":"2021-06-08T07:00:55","guid":{"rendered":"http:\/\/hrs4rformacion.zeus.umh.es\/?page_id=372"},"modified":"2023-02-22T12:52:23","modified_gmt":"2023-02-22T11:52:23","slug":"plan-basico-de-formacion-de-investigadores","status":"publish","type":"page","link":"https:\/\/hrs4rformacion.umh.es\/es\/plan-basico-de-formacion-de-investigadores\/","title":{"rendered":"Plan b\u00e1sico de formaci\u00f3n de investigadores"},"content":{"rendered":"<p>[et_pb_section fb_built=\u00bb1&#8243; _builder_version=\u00bb4.16&#8243; custom_margin=\u00bb150px||||false|false\u00bb global_colors_info=\u00bb{}\u00bb][et_pb_row column_structure=\u00bb1_4,3_4&#8243; _builder_version=\u00bb4.16&#8243; background_size=\u00bbinitial\u00bb background_position=\u00bbtop_left\u00bb background_repeat=\u00bbrepeat\u00bb custom_padding=\u00bb0px||||false|false\u00bb global_colors_info=\u00bb{}\u00bb][et_pb_column type=\u00bb1_4&#8243; _builder_version=\u00bb4.16&#8243; custom_padding=\u00bb|||\u00bb global_colors_info=\u00bb{}\u00bb custom_padding__hover=\u00bb|||\u00bb][et_pb_button button_url=\u00bbhttp:\/\/hrs4rformacion.umh.es\/es\/complementos-de-formacion-programas-de-doctorado\/\u00bb button_text=\u00bbComplementos de Formaci\u00f3n Programas de Doctorado\u00bb admin_label=\u00bb Programas de Doctorado\u00bb _builder_version=\u00bb4.17.4&#8243; custom_button=\u00bbon\u00bb button_text_size=\u00bb16px\u00bb button_text_color=\u00bb#FFFFFF\u00bb button_bg_color=\u00bb#be343a\u00bb button_border_color=\u00bb#FFFFFF\u00bb custom_margin=\u00bb0px||0px||false|false\u00bb hover_enabled=\u00bb0&#8243; custom_css_main_element=\u00bbwidth:100%;||height:100%;||margin-bottom: 0px;\u00bb global_colors_info=\u00bb{}\u00bb sticky_enabled=\u00bb0&#8243;][\/et_pb_button][et_pb_button button_url=\u00bbhttp:\/\/hrs4rformacion.umh.es\/es\/curso-de-formacion-de-directores-codirectores-y-tutores-de-tesis-doctorales\/\u00bb button_text=\u00bbCurso de formaci\u00f3n Directores\u00bb admin_label=\u00bbformaci\u00f3n Directores\u00bb _builder_version=\u00bb4.17.4&#8243; custom_button=\u00bbon\u00bb button_text_size=\u00bb16px\u00bb button_text_color=\u00bb#FFFFFF\u00bb button_bg_color=\u00bb#be343a\u00bb button_border_color=\u00bb#FFFFFF\u00bb custom_margin=\u00bb0px||0px||false|false\u00bb custom_padding=\u00bb0px||0px||false|false\u00bb hover_enabled=\u00bb0&#8243; custom_css_main_element=\u00bbwidth:100%;||height:100%;||margin-bottom: 0px;\u00bb global_colors_info=\u00bb{}\u00bb sticky_enabled=\u00bb0&#8243;][\/et_pb_button][et_pb_button button_url=\u00bbhttp:\/\/hrs4rformacion.umh.es\/es\/plan-basico-de-formacion-de-investigadores\/\u00bb button_text=\u00bbPlan B\u00e1sico Formaci\u00f3n Investigadores\u00bb admin_label=\u00bbPlan B\u00e1sico\u00bb _builder_version=\u00bb4.17.4&#8243; custom_button=\u00bbon\u00bb button_text_size=\u00bb16px\u00bb button_text_color=\u00bb#FFFFFF\u00bb button_bg_color=\u00bb#be343a\u00bb button_border_color=\u00bb#FFFFFF\u00bb custom_margin=\u00bb0px||0px||false|false\u00bb hover_enabled=\u00bb0&#8243; custom_css_main_element=\u00bbwidth:100%;||height:100%;||margin-bottom: 0px;\u00bb global_colors_info=\u00bb{}\u00bb sticky_enabled=\u00bb0&#8243;][\/et_pb_button][et_pb_button button_url=\u00bbhttp:\/\/hrs4rformacion.umh.es\/es\/formacion-y-mejora-docente\/\u00bb button_text=\u00bbFormaci\u00f3n y mejora Docente\u00bb admin_label=\u00bbmejora Docente\u00bb _builder_version=\u00bb4.17.4&#8243; custom_button=\u00bbon\u00bb button_text_size=\u00bb16px\u00bb button_text_color=\u00bb#FFFFFF\u00bb button_bg_color=\u00bb#be343a\u00bb button_border_color=\u00bb#FFFFFF\u00bb custom_margin=\u00bb0px||0px||false|false\u00bb hover_enabled=\u00bb0&#8243; custom_css_main_element=\u00bbwidth:100%;||height:100%;||margin-bottom: 0px;\u00bb global_colors_info=\u00bb{}\u00bb sticky_enabled=\u00bb0&#8243;][\/et_pb_button][et_pb_button button_url=\u00bbhttp:\/\/hrs4rformacion.umh.es\/es\/trabajo-fin-de-grado-interdisciplinares\/\u00bb button_text=\u00bbTrabajo Fin de Grado Interdisciplinares\u00bb admin_label=\u00bbTFGI\u00bb _builder_version=\u00bb4.17.4&#8243; custom_button=\u00bbon\u00bb button_text_size=\u00bb16px\u00bb button_text_color=\u00bb#FFFFFF\u00bb button_bg_color=\u00bb#be343a\u00bb button_border_color=\u00bb#FFFFFF\u00bb custom_margin=\u00bb0px||0px||false|false\u00bb hover_enabled=\u00bb0&#8243; custom_css_main_element=\u00bbwidth:100%;||height:100%;||margin-bottom: 0px;\u00bb global_colors_info=\u00bb{}\u00bb sticky_enabled=\u00bb0&#8243;][\/et_pb_button][et_pb_button button_url=\u00bbhttp:\/\/hrs4rformacion.umh.es\/es\/webinar-oficina-de-investigacion-responsable\/\u00bb button_text=\u00bbWebinar Oficina de Investigaci\u00f3n Responsable\u00bb admin_label=\u00bbResponsable\u00bb _builder_version=\u00bb4.17.4&#8243; custom_button=\u00bbon\u00bb button_text_size=\u00bb16px\u00bb button_text_color=\u00bb#FFFFFF\u00bb button_bg_color=\u00bb#be343a\u00bb button_border_color=\u00bb#FFFFFF\u00bb custom_margin=\u00bb0px||0px||false|false\u00bb hover_enabled=\u00bb0&#8243; custom_css_main_element=\u00bbwidth:100%;||height:100%;||margin-bottom: 0px;\u00bb global_colors_info=\u00bb{}\u00bb sticky_enabled=\u00bb0&#8243;][\/et_pb_button][et_pb_button button_url=\u00bbhttp:\/\/hrs4rformacion.umh.es\/es\/webinar-proteccion-de-datos-en-investigacion\/\u00bb button_text=\u00bbWebinar Protecci\u00f3n de Datos en Investigaci\u00f3n\u00bb admin_label=\u00bbProtecci\u00f3n de Datos\u00bb _builder_version=\u00bb4.17.4&#8243; custom_button=\u00bbon\u00bb button_text_size=\u00bb16px\u00bb button_text_color=\u00bb#FFFFFF\u00bb button_bg_color=\u00bb#be343a\u00bb button_border_color=\u00bb#FFFFFF\u00bb custom_margin=\u00bb0px||0px||false|false\u00bb hover_enabled=\u00bb0&#8243; custom_css_main_element=\u00bbwidth:100%;||height:100%;||margin-bottom: 0px;\u00bb global_colors_info=\u00bb{}\u00bb sticky_enabled=\u00bb0&#8243;][\/et_pb_button][et_pb_button button_url=\u00bbhttp:\/\/hrs4rformacion.umh.es\/es\/webinar-prevencion-y-resolucion-de-conflictos\/\u00bb button_text=\u00bbWebinar Prevenci\u00f3n y Resoluci\u00f3n de Conflictos\u00bb admin_label=\u00bbPrevenci\u00f3n\u00bb _builder_version=\u00bb4.17.4&#8243; custom_button=\u00bbon\u00bb button_text_size=\u00bb16px\u00bb button_text_color=\u00bb#FFFFFF\u00bb button_bg_color=\u00bb#be343a\u00bb button_border_color=\u00bb#FFFFFF\u00bb custom_margin=\u00bb0px||0px||false|false\u00bb hover_enabled=\u00bb0&#8243; custom_css_main_element=\u00bbwidth:100%;||height:100%;||margin-bottom: 0px;\u00bb global_colors_info=\u00bb{}\u00bb sticky_enabled=\u00bb0&#8243;][\/et_pb_button][et_pb_button button_url=\u00bbhttp:\/\/hrs4rformacion.umh.es\/es\/webinar-plan-de-igualdad-y-diversidad\/\u00bb button_text=\u00bbWebinar Plan de Igualdad y Diversidad\u00bb admin_label=\u00bbIgualdad\u00bb _builder_version=\u00bb4.17.4&#8243; custom_button=\u00bbon\u00bb button_text_size=\u00bb16px\u00bb button_text_color=\u00bb#FFFFFF\u00bb button_bg_color=\u00bb#be343a\u00bb button_border_color=\u00bb#FFFFFF\u00bb custom_margin=\u00bb0px||0px||false|false\u00bb hover_enabled=\u00bb0&#8243; custom_css_main_element=\u00bbwidth:100%;||height:100%;||margin-bottom: 0px;\u00bb global_colors_info=\u00bb{}\u00bb sticky_enabled=\u00bb0&#8243;][\/et_pb_button][\/et_pb_column][et_pb_column type=\u00bb3_4&#8243; _builder_version=\u00bb4.16&#8243; custom_padding=\u00bb|||\u00bb global_colors_info=\u00bb{}\u00bb custom_padding__hover=\u00bb|||\u00bb][et_pb_text _builder_version=\u00bb4.16&#8243; background_size=\u00bbinitial\u00bb background_position=\u00bbtop_left\u00bb background_repeat=\u00bbrepeat\u00bb width=\u00bb100%\u00bb custom_css_main_element=\u00bbwidth: 100%;\u00bb global_colors_info=\u00bb{}\u00bb]<\/p>\n<h1 style=\"text-transform: uppercase;\">Plan b\u00e1sico de formaci\u00f3n de investigadores<\/h1>\n<p>El Plan B\u00e1sico de Formaci\u00f3n de Investigadores de la Universidad Miguel Hern\u00e1ndez ha sido elaborado por personal t\u00e9cnico cualificado perteneciente a los diferentes vicerrectorados, despachos y servicios implicados en la formaci\u00f3n, gesti\u00f3n y difusi\u00f3n de la investigaci\u00f3n.<\/p>\n<p>Su objetivo es formar, tanto en competencias transversales como espec\u00edficas, al personal investigador de la UMH y, en particular, al personal investigador en formaci\u00f3n que acaba de iniciar su carrera investigadora. Este evento naci\u00f3 como una iniciativa impulsada por el Vicerrectorado de Investigaci\u00f3n de la Universidad Miguel Hern\u00e1ndez (UMH) y se enmarca en el Plan de Actuaci\u00f3n UMH-HR4R.<\/p>\n<p>Para conseguir este objetivo se ha dise\u00f1ado un blog con todos los contenidos imprescindibles que se actualizan peri\u00f3dicamente. Este formato permite a los investigadores realizar la formaci\u00f3n en cualquier momento del curso acad\u00e9mico as\u00ed como actualizar sus conocimientos y adquirir las competencias necesarias a lo largo de su carrera investigadora.<\/p>\n<p>Para mas informaci\u00f3n visite <a href=\"http:\/\/formacioninvestigadores.edu.umh.es\/\" target=\"_blank\" rel=\"noopener noreferrer\">plan b\u00e1sico de formaci\u00f3n de investigadores<\/a><\/p>\n<h2>Recursos y enlaces:<\/h2>\n<p><a href=\"http:\/\/formacioninvestigadores.edu.umh.es\/wp-content\/uploads\/sites\/1504\/2020\/11\/PBFI_Procesos_de_Acreditaci%C3%B3n.pdf\" target=\"_blank\" rel=\"noopener noreferrer\">Procesos de acreditaci\u00f3n<\/a><\/p>\n<p><a href=\"http:\/\/formacioninvestigadores.edu.umh.es\/wp-content\/uploads\/sites\/1504\/2020\/11\/PEU_INT_plan_basico_Formaci%C3%B3n_de_investigadores_-Nac.Reg_..pdf\" target=\"_blank\" rel=\"noopener noreferrer\">Proyectos de investigaci\u00f3n competitivos<\/a><\/p>\n<p><a href=\"http:\/\/formacioninvestigadores.edu.umh.es\/wp-content\/uploads\/sites\/1504\/2020\/11\/Programas-de-movildad_Revisado.pdf\" target=\"_blank\" rel=\"noopener noreferrer\">Programas de movilidad<\/a><\/p>\n<p><a href=\"http:\/\/formacioninvestigadores.edu.umh.es\/wp-content\/uploads\/sites\/1504\/2020\/11\/Investigaci%C3%B3n_Innovaci%C3%B3n_Responsable-3.pdf\" target=\"_blank\" rel=\"noopener noreferrer\">Investigaci\u00f3n e Innovaci\u00f3n Responsable<\/a><\/p>\n<p><a href=\"http:\/\/formacioninvestigadores.edu.umh.es\/wp-content\/uploads\/sites\/1504\/2020\/11\/PBFI_Gestor_de_curriculum.pdf\" target=\"_blank\" rel=\"noopener noreferrer\">Gestor de Curr\u00edculum<\/a><\/p>\n<p><a href=\"http:\/\/formacioninvestigadores.edu.umh.es\/wp-content\/uploads\/sites\/1504\/2020\/11\/PBFI_Perfil_digital_investigador.pdf\" target=\"_blank\" rel=\"noopener noreferrer\">Perfil Digital&nbsp;Investigador<\/a><\/p>\n<p><a href=\"http:\/\/formacioninvestigadores.edu.umh.es\/wp-content\/uploads\/sites\/1504\/2020\/11\/Pres_plan_basico_Formaci%C3%B3n_investigadores_Otras_salidas_Antonio-Ferrer1.pdf\" target=\"_blank\" rel=\"noopener noreferrer\">Salidas profesionales fuera de la academia<\/a><\/p>\n<p><a href=\"http:\/\/formacioninvestigadores.edu.umh.es\/wp-content\/uploads\/sites\/1504\/2020\/11\/Plan_basico_Formaci%C3%B3n_de_investigadores-LCTI.pdf\" target=\"_blank\" rel=\"noopener noreferrer\">Ley 14\/2011<\/a><\/p>\n<p><a href=\"http:\/\/formacioninvestigadores.edu.umh.es\/wp-content\/uploads\/sites\/1504\/2020\/11\/Plan_basico_Formaci%C3%B3n_de_investigadores-_ayudas-RRHH.pdf\" target=\"_blank\" rel=\"noopener noreferrer\">Oportunidades de financiaci\u00f3n<\/a><\/p>\n<p><a href=\"http:\/\/formacioninvestigadores.edu.umh.es\/wp-content\/uploads\/sites\/1504\/2020\/11\/Docentia_Plan_basico_Formaci%C3%B3n_de_investigadores-1.pdf\" target=\"_blank\" rel=\"noopener noreferrer\">Plan Docentia-UMH<\/a><\/p>\n<p><a href=\"http:\/\/formacioninvestigadores.edu.umh.es\/wp-content\/uploads\/sites\/1504\/2020\/11\/Presenrta_plan_basico_Formaci%C3%B3n_de_investigadores-CARRERA-UNIVERSITARIA-PDI-1.pdf\" target=\"_blank\" rel=\"noopener noreferrer\">Carrera Universitaria<\/a><\/p>\n<p><a href=\"http:\/\/formacioninvestigadores.edu.umh.es\/wp-content\/uploads\/sites\/1504\/2020\/11\/Presenrta_plan_basico_Formaci%C3%B3n_de_investigadores-Doctorado.pdf\" target=\"_blank\" rel=\"noopener noreferrer\">Doctorado UMH<\/a><\/p>\n<p>[\/et_pb_text][\/et_pb_column][\/et_pb_row][et_pb_row column_structure=\u00bb1_3,2_3&#8243; _builder_version=\u00bb4.16&#8243; background_size=\u00bbinitial\u00bb background_position=\u00bbtop_left\u00bb background_repeat=\u00bbrepeat\u00bb custom_padding=\u00bb0px||||false|false\u00bb global_colors_info=\u00bb{}\u00bb][et_pb_column type=\u00bb1_3&#8243; _builder_version=\u00bb4.16&#8243; custom_padding=\u00bb|||\u00bb global_colors_info=\u00bb{}\u00bb custom_padding__hover=\u00bb|||\u00bb][\/et_pb_column][et_pb_column type=\u00bb2_3&#8243; _builder_version=\u00bb4.16&#8243; custom_padding=\u00bb|||\u00bb global_colors_info=\u00bb{}\u00bb custom_padding__hover=\u00bb|||\u00bb][\/et_pb_column][\/et_pb_row][et_pb_row column_structure=\u00bb1_4,3_4&#8243; _builder_version=\u00bb4.16&#8243; global_colors_info=\u00bb{}\u00bb][et_pb_column type=\u00bb1_4&#8243; _builder_version=\u00bb4.16&#8243; global_colors_info=\u00bb{}\u00bb][\/et_pb_column][et_pb_column type=\u00bb3_4&#8243; _builder_version=\u00bb4.16&#8243; global_colors_info=\u00bb{}\u00bb][\/et_pb_column][\/et_pb_row][\/et_pb_section]<\/p>\n","protected":false},"excerpt":{"rendered":"<p>Plan b\u00e1sico de formaci\u00f3n de investigadores El Plan B\u00e1sico de Formaci\u00f3n de Investigadores de la Universidad Miguel Hern\u00e1ndez ha sido elaborado por personal t\u00e9cnico cualificado perteneciente a los diferentes vicerrectorados, despachos y servicios implicados en la formaci\u00f3n, gesti\u00f3n y difusi\u00f3n de la investigaci\u00f3n. Su objetivo es formar, tanto en competencias transversales como espec\u00edficas, al personal [&hellip;]<\/p>\n","protected":false},"author":5901,"featured_media":0,"parent":0,"menu_order":0,"comment_status":"closed","ping_status":"closed","template":"","meta":{"_et_pb_use_builder":"on","_et_pb_old_content":"<h1>Plan b\u00e1sico de formaci\u00f3n de investigadores<\/h1><p>El Plan B\u00e1sico de Formaci\u00f3n de Investigadores de la Universidad Miguel Hern\u00e1ndez ha sido elaborado por personal t\u00e9cnico cualificado perteneciente a los diferentes vicerrectorados, despachos y servicios implicados en la formaci\u00f3n, gesti\u00f3n y difusi\u00f3n de la investigaci\u00f3n.<\/p><p>Su objetivo es formar, tanto en competencias transversales como espec\u00edficas, al personal investigador de la UMH y, en particular, al personal investigador en formaci\u00f3n que acaba de iniciar su carrera investigadora. Este evento naci\u00f3 como una iniciativa impulsada por el Vicerrectorado de Investigaci\u00f3n de la Universidad Miguel Hern\u00e1ndez (UMH) y se enmarca en el Plan de Actuaci\u00f3n UMH-HR4R.<\/p><p>Para conseguir este objetivo se ha dise\u00f1ado un blog con todos los contenidos imprescindibles que se actualizan peri\u00f3dicamente. Este formato permite a los investigadores realizar la formaci\u00f3n en cualquier momento del curso acad\u00e9mico as\u00ed como actualizar sus conocimientos y adquirir las competencias necesarias a lo largo de su carrera investigadora.<\/p><h2>Recursos y enlaces:<\/h2><p><a href=\"http:\/\/formacioninvestigadores.edu.umh.es\/wp-content\/uploads\/sites\/1504\/2020\/11\/PBFI_Procesos_de_Acreditaci%C3%B3n.pdf\" target=\"_blank\" rel=\"noopener noreferrer\">Procesos de acreditaci\u00f3n<\/a><\/p><p><a href=\"http:\/\/formacioninvestigadores.edu.umh.es\/wp-content\/uploads\/sites\/1504\/2020\/11\/PEU_INT_plan_basico_Formaci%C3%B3n_de_investigadores_-Nac.Reg_..pdf\" target=\"_blank\" rel=\"noopener noreferrer\">Proyectos de investigaci\u00f3n competitivos<\/a><\/p><p><a href=\"http:\/\/formacioninvestigadores.edu.umh.es\/wp-content\/uploads\/sites\/1504\/2020\/11\/Programas-de-movildad_Revisado.pdf\" target=\"_blank\" rel=\"noopener noreferrer\">Programas de movilidad<\/a><\/p><p><a href=\"http:\/\/formacioninvestigadores.edu.umh.es\/wp-content\/uploads\/sites\/1504\/2020\/11\/Investigaci%C3%B3n_Innovaci%C3%B3n_Responsable-3.pdf\" target=\"_blank\" rel=\"noopener noreferrer\">Investigaci\u00f3n e Innovaci\u00f3n Responsable<\/a><\/p><p><a href=\"http:\/\/formacioninvestigadores.edu.umh.es\/wp-content\/uploads\/sites\/1504\/2020\/11\/PBFI_Gestor_de_curriculum.pdf\" target=\"_blank\" rel=\"noopener noreferrer\">Gestor de Curr\u00edculum<\/a><\/p><p><a href=\"http:\/\/formacioninvestigadores.edu.umh.es\/wp-content\/uploads\/sites\/1504\/2020\/11\/PBFI_Perfil_digital_investigador.pdf\" target=\"_blank\" rel=\"noopener noreferrer\">Perfil Digital\u00a0Investigador<\/a><\/p><p><a href=\"http:\/\/formacioninvestigadores.edu.umh.es\/wp-content\/uploads\/sites\/1504\/2020\/11\/Pres_plan_basico_Formaci%C3%B3n_investigadores_Otras_salidas_Antonio-Ferrer1.pdf\" target=\"_blank\" rel=\"noopener noreferrer\">Salidas profesionales fuera de la academia<\/a><\/p><p><a href=\"http:\/\/formacioninvestigadores.edu.umh.es\/wp-content\/uploads\/sites\/1504\/2020\/11\/Plan_basico_Formaci%C3%B3n_de_investigadores-LCTI.pdf\" target=\"_blank\" rel=\"noopener noreferrer\">Ley 14\/2011<\/a><\/p><p><a href=\"http:\/\/formacioninvestigadores.edu.umh.es\/wp-content\/uploads\/sites\/1504\/2020\/11\/Plan_basico_Formaci%C3%B3n_de_investigadores-_ayudas-RRHH.pdf\" target=\"_blank\" rel=\"noopener noreferrer\">Oportunidades de financiaci\u00f3n<\/a><\/p><p><a href=\"http:\/\/formacioninvestigadores.edu.umh.es\/wp-content\/uploads\/sites\/1504\/2020\/11\/Docentia_Plan_basico_Formaci%C3%B3n_de_investigadores-1.pdf\" target=\"_blank\" rel=\"noopener noreferrer\">Plan Docentia-UMH<\/a><\/p><p><a href=\"http:\/\/formacioninvestigadores.edu.umh.es\/wp-content\/uploads\/sites\/1504\/2020\/11\/Presenrta_plan_basico_Formaci%C3%B3n_de_investigadores-CARRERA-UNIVERSITARIA-PDI-1.pdf\" target=\"_blank\" rel=\"noopener noreferrer\">Carrera Universitaria<\/a><\/p><p><a href=\"http:\/\/formacioninvestigadores.edu.umh.es\/wp-content\/uploads\/sites\/1504\/2020\/11\/Presenrta_plan_basico_Formaci%C3%B3n_de_investigadores-Doctorado.pdf\" target=\"_blank\" rel=\"noopener noreferrer\">Doctorado UMH<\/a><\/p><p><a href=\"http:\/\/formacioninvestigadores.edu.umh.es\/wp-content\/uploads\/sites\/1504\/2020\/11\/0.-PLANTILLA_Presenrta_plan_basico_Formaci%C3%B3n_de_investigadores-1.pdf\" target=\"_blank\" rel=\"noopener noreferrer\">Plantilla presentaciones PBFI<\/a><\/p>","_et_gb_content_width":"","_links_to":"","_links_to_target":""},"_links":{"self":[{"href":"https:\/\/hrs4rformacion.umh.es\/es\/wp-json\/wp\/v2\/pages\/372"}],"collection":[{"href":"https:\/\/hrs4rformacion.umh.es\/es\/wp-json\/wp\/v2\/pages"}],"about":[{"href":"https:\/\/hrs4rformacion.umh.es\/es\/wp-json\/wp\/v2\/types\/page"}],"author":[{"embeddable":true,"href":"https:\/\/hrs4rformacion.umh.es\/es\/wp-json\/wp\/v2\/users\/5901"}],"replies":[{"embeddable":true,"href":"https:\/\/hrs4rformacion.umh.es\/es\/wp-json\/wp\/v2\/comments?post=372"}],"version-history":[{"count":0,"href":"https:\/\/hrs4rformacion.umh.es\/es\/wp-json\/wp\/v2\/pages\/372\/revisions"}],"wp:attachment":[{"href":"https:\/\/hrs4rformacion.umh.es\/es\/wp-json\/wp\/v2\/media?parent=372"}],"curies":[{"name":"wp","href":"https:\/\/api.w.org\/{rel}","templated":true}]}}